{"id":1783,"date":"2024-10-28T10:51:24","date_gmt":"2024-10-28T09:51:24","guid":{"rendered":"https:\/\/srv-juriste-victimes.fr\/?page_id=1783"},"modified":"2024-11-18T15:44:33","modified_gmt":"2024-11-18T14:44:33","slug":"violences-conjugales","status":"publish","type":"page","link":"https:\/\/srv-juriste-victimes.fr\/index.php\/pme-cse\/violences-conjugales\/","title":{"rendered":"Violences conjugales"},"content":{"rendered":"\n<div class=\"wp-block-uagb-container uagb-block-bc794328 alignfull uagb-is-root-container\"><div class=\"uagb-container-inner-blocks-wrap\">\n<div class=\"wp-block-uagb-container uagb-block-bd447478\">\n<div class=\"wp-block-query is-layout-flow wp-block-query-is-layout-flow\"><ul class=\"wp-block-post-template is-layout-flow wp-block-post-template-is-layout-flow\"><li class=\"wp-block-post post-1980 post type-post status-publish format-standard has-post-thumbnail hentry category-violences-conjugales\">\n<figure class=\"wp-block-post-featured-image\"><img loading=\"lazy\" decoding=\"async\" width=\"640\" height=\"427\" src=\"https:\/\/srv-juriste-victimes.fr\/wp-content\/uploads\/2024\/11\/pexels-alex-green-5699466.jpg\" class=\"attachment-post-thumbnail size-post-thumbnail wp-post-image\" alt=\"Les violences conjugales, \u00e7a concerne qui ?\" style=\"object-fit:cover;\" srcset=\"https:\/\/srv-juriste-victimes.fr\/wp-content\/uploads\/2024\/11\/pexels-alex-green-5699466.jpg 640w, https:\/\/srv-juriste-victimes.fr\/wp-content\/uploads\/2024\/11\/pexels-alex-green-5699466-300x200.jpg 300w\" sizes=\"auto, (max-width: 640px) 100vw, 640px\" \/><\/figure>\n\n<h2 style=\"margin-top:var(--wp--preset--spacing--50);margin-bottom:var(--wp--preset--spacing--50);\" class=\"has-link-color wp-elements-d79a49cfc3ba9b69fca96a27b41b6b35 wp-block-post-title has-text-color has-ast-global-color-0-color\">Les violences conjugales, \u00e7a concerne qui ?<\/h2>\n\n<div class=\"wp-block-post-date\"><time datetime=\"2024-11-05T14:12:29+01:00\">5 novembre 2024<\/time><\/div>\n\n<div class=\"has-link-color wp-elements-684f4796d652d3c82346088d949adaa1 wp-block-post-excerpt\"><p class=\"wp-block-post-excerpt__excerpt\">La violence conjugale s\u2019exerce dans le cadre d\u2019une relation amoureuse, qu\u2019elle soit actuelle ou pass\u00e9e. Elle peut survenir dans tout type de relation intime, peu importe sa dur\u00e9e : personnes mari\u00e9es ou unies civilement, conjoints de fait ou toute autre relation intime entre personnes de m\u00eame sexe ou non. Couples concern\u00e9s La violence conjugale peut\u2026 <\/p><\/div>\n\n<a class=\"wp-block-read-more\" href=\"https:\/\/srv-juriste-victimes.fr\/index.php\/2024\/11\/05\/les-violences-conjugales-ca-concerne-qui\/\" target=\"_self\">Lire la suite<span class=\"screen-reader-text\">\u00a0: Les violences conjugales, \u00e7a concerne qui ?<\/span><\/a>\n\n\n<div class=\"wp-block-uagb-separator uagb-block-9d4d63a1\"><div class=\"uagb-separator-spacing-wrapper\"><div class=\"wp-block-uagb-separator__inner\" style=\"--my-background-image:\"><\/div><\/div><\/div>\n\n<\/li><li class=\"wp-block-post post-1976 post type-post status-publish format-standard has-post-thumbnail hentry category-violences-conjugales\">\n<figure class=\"wp-block-post-featured-image\"><img loading=\"lazy\" decoding=\"async\" width=\"640\" height=\"427\" src=\"https:\/\/srv-juriste-victimes.fr\/wp-content\/uploads\/2024\/11\/pexels-pixabay-259165.jpg\" class=\"attachment-post-thumbnail size-post-thumbnail wp-post-image\" alt=\"Violence \u00e9conomique\" style=\"object-fit:cover;\" srcset=\"https:\/\/srv-juriste-victimes.fr\/wp-content\/uploads\/2024\/11\/pexels-pixabay-259165.jpg 640w, https:\/\/srv-juriste-victimes.fr\/wp-content\/uploads\/2024\/11\/pexels-pixabay-259165-300x200.jpg 300w\" sizes=\"auto, (max-width: 640px) 100vw, 640px\" \/><\/figure>\n\n<h2 style=\"margin-top:var(--wp--preset--spacing--50);margin-bottom:var(--wp--preset--spacing--50);\" class=\"has-link-color wp-elements-d79a49cfc3ba9b69fca96a27b41b6b35 wp-block-post-title has-text-color has-ast-global-color-0-color\">Connaissez-vous les violences conjugales \u00e9conomiques que vivent certains salari\u00e9s ?<\/h2>\n\n<div class=\"wp-block-post-date\"><time datetime=\"2024-11-05T13:38:51+01:00\">5 novembre 2024<\/time><\/div>\n\n<div class=\"has-link-color wp-elements-684f4796d652d3c82346088d949adaa1 wp-block-post-excerpt\"><p class=\"wp-block-post-excerpt__excerpt\">Un fl\u00e9au cach\u00e9 au c\u0153ur de l&rsquo;entreprise Les violences conjugales \u00e9conomiques sont une forme de domination qui se manifeste par un contr\u00f4le financier exerc\u00e9 par un partenaire sur l&rsquo;autre. \u00c9tat des lieux : les violences conjugales \u00e9conomiques en entreprise Source : fondation Face \u201cOneInThreeWomen\u201d 1er r\u00e9seau europ\u00e9en d\u2019entreprises engag\u00e9es contre les violences conjugales. 2 salari\u00e9\u00b7e\u00b7s\u2026 <\/p><\/div>\n\n<a class=\"wp-block-read-more\" href=\"https:\/\/srv-juriste-victimes.fr\/index.php\/2024\/11\/05\/connaissez-vous-les-violences-conjugales-economiques-que-vivent-certains-salaries\/\" target=\"_self\">Lire la suite<span class=\"screen-reader-text\">\u00a0: Connaissez-vous les violences conjugales \u00e9conomiques que vivent certains salari\u00e9s ?<\/span><\/a>\n\n\n<div class=\"wp-block-uagb-separator uagb-block-9d4d63a1\"><div class=\"uagb-separator-spacing-wrapper\"><div class=\"wp-block-uagb-separator__inner\" style=\"--my-background-image:\"><\/div><\/div><\/div>\n\n<\/li><li class=\"wp-block-post post-1787 post type-post status-publish format-standard has-post-thumbnail hentry category-violences-conjugales\">\n<figure class=\"wp-block-post-featured-image\"><img loading=\"lazy\" decoding=\"async\" width=\"600\" height=\"309\" src=\"https:\/\/srv-juriste-victimes.fr\/wp-content\/uploads\/2024\/10\/pexels-sora-shimazaki-5673502-600x309-1.jpg\" class=\"attachment-post-thumbnail size-post-thumbnail wp-post-image\" alt=\"La vie priv\u00e9e des salari\u00e9(e)s qui vivent des violences conjugales regarde-t-elle les employeurs ?\" style=\"object-fit:cover;\" srcset=\"https:\/\/srv-juriste-victimes.fr\/wp-content\/uploads\/2024\/10\/pexels-sora-shimazaki-5673502-600x309-1.jpg 600w, https:\/\/srv-juriste-victimes.fr\/wp-content\/uploads\/2024\/10\/pexels-sora-shimazaki-5673502-600x309-1-300x155.jpg 300w\" sizes=\"auto, (max-width: 600px) 100vw, 600px\" \/><\/figure>\n\n<h2 style=\"margin-top:var(--wp--preset--spacing--50);margin-bottom:var(--wp--preset--spacing--50);\" class=\"has-link-color wp-elements-d79a49cfc3ba9b69fca96a27b41b6b35 wp-block-post-title has-text-color has-ast-global-color-0-color\">La vie priv\u00e9e des salari\u00e9(e)s qui vivent des violences conjugales regarde-t-elle les employeurs ?<\/h2>\n\n<div class=\"wp-block-post-date\"><time datetime=\"2024-10-01T12:14:58+02:00\">1 octobre 2024<\/time><\/div>\n\n<div class=\"has-link-color wp-elements-684f4796d652d3c82346088d949adaa1 wp-block-post-excerpt\"><p class=\"wp-block-post-excerpt__excerpt\">Bien que le cadre l\u00e9gal en France ne soit pas toujours clair sur la gestion des violences conjugales au travail, certaines obligations g\u00e9n\u00e9rales existent. Respect de la vie priv\u00e9e des salari\u00e9s La vie priv\u00e9e des salari\u00e9s est prot\u00e9g\u00e9e par la loi, et les employeurs doivent respecter cette confidentialit\u00e9. Les employeurs n&rsquo;ont pas le droit de\u2026 <\/p><\/div>\n\n<a class=\"wp-block-read-more\" href=\"https:\/\/srv-juriste-victimes.fr\/index.php\/2024\/10\/01\/la-vie-privee-des-salariees-qui-vivent-des-violences-conjugales-regarde-t-elle-les-employeurs\/\" target=\"_self\">Lire la suite<span class=\"screen-reader-text\">\u00a0: La vie priv\u00e9e des salari\u00e9(e)s qui vivent des violences conjugales regarde-t-elle les employeurs ?<\/span><\/a>\n\n\n<div class=\"wp-block-uagb-separator uagb-block-9d4d63a1\"><div class=\"uagb-separator-spacing-wrapper\"><div class=\"wp-block-uagb-separator__inner\" style=\"--my-background-image:\"><\/div><\/div><\/div>\n\n<\/li><\/ul>\n\n<nav class=\"wp-block-query-pagination is-layout-flex wp-block-query-pagination-is-layout-flex\" aria-label=\"Pagination\">\n\n\n<div class=\"wp-block-query-pagination-numbers\"><span aria-current=\"page\" class=\"page-numbers current\">1<\/span>\n<a class=\"page-numbers\" href=\"?query-0-page=2\">2<\/a><\/div>\n\n<a href=\"\/index.php\/wp-json\/wp\/v2\/pages\/1783?query-0-page=2\" class=\"wp-block-query-pagination-next\">Page suivante<\/a>\n<\/nav>\n\n<\/div>\n<\/div>\n\n\n\n<div class=\"wp-block-uagb-container uagb-block-eaff8ffe\"><form role=\"search\" method=\"get\" action=\"https:\/\/srv-juriste-victimes.fr\/\" class=\"wp-block-search__button-outside wp-block-search__text-button wp-block-search\"    ><label class=\"wp-block-search__label\" for=\"wp-block-search__input-1\" >Rechercher<\/label><div class=\"wp-block-search__inside-wrapper\" ><input class=\"wp-block-search__input\" id=\"wp-block-search__input-1\" placeholder=\"\" value=\"\" type=\"search\" name=\"s\" required \/><button aria-label=\"Rechercher\" class=\"wp-block-search__button wp-element-button\" type=\"submit\" >Rechercher<\/button><\/div><\/form>\n\n\n<div class=\"wp-block-uagb-advanced-heading uagb-block-d1ac6c64\"><h5 class=\"uagb-heading-text\">Articles R\u00e9cents<\/h5><\/div>\n\n\n<ul class=\"wp-block-latest-posts__list wp-block-latest-posts\"><li><a class=\"wp-block-latest-posts__post-title\" href=\"https:\/\/srv-juriste-victimes.fr\/index.php\/2026\/02\/23\/relier-transmettre-faire-evoluer-les-pratiques-un-role-de-trait-dunion\/\">Relier, transmettre, faire \u00e9voluer les pratiques : un r\u00f4le de trait d&rsquo;union<\/a><\/li>\n<li><a class=\"wp-block-latest-posts__post-title\" href=\"https:\/\/srv-juriste-victimes.fr\/index.php\/2026\/02\/23\/accompagner-les-victimes-pas-a-pas-le-coeur-du-metier-de-juriste-specialisee-en-victimologie\/\">Accompagner les victimes pas \u00e0 pas : le c\u0153ur du m\u00e9tier de juriste sp\u00e9cialis\u00e9e en victimologie<\/a><\/li>\n<li><a class=\"wp-block-latest-posts__post-title\" href=\"https:\/\/srv-juriste-victimes.fr\/index.php\/2026\/02\/23\/juriste-specialisee-en-victimologie-un-engagement-un-parcours-une-vocation\/\">Juriste sp\u00e9cialis\u00e9e en victimologie : un engagement, un parcours, une vocation<\/a><\/li>\n<li><a class=\"wp-block-latest-posts__post-title\" href=\"https:\/\/srv-juriste-victimes.fr\/index.php\/2025\/01\/26\/devoir-conjugal-viol-conjugal-divorce-pour-faute\/\">Devoir conjugal, viol conjugal, divorce pour faute<\/a><\/li>\n<li><a class=\"wp-block-latest-posts__post-title\" href=\"https:\/\/srv-juriste-victimes.fr\/index.php\/2024\/11\/05\/les-violences-conjugales-ca-concerne-qui\/\">Les violences conjugales, \u00e7a concerne qui ?<\/a><\/li>\n<\/ul>\n\n\n<div class=\"wp-block-uagb-advanced-heading uagb-block-decf535d\"><h5 class=\"uagb-heading-text\">Commentaires r\u00e9cents<\/h5><\/div>\n\n\n<div class=\"has-avatars has-dates has-excerpts no-comments wp-block-latest-comments\">Aucun commentaire \u00e0 afficher.<\/div>\n\n\n<div class=\"wp-block-uagb-advanced-heading uagb-block-099ca81e\"><h5 class=\"uagb-heading-text\">Archives<\/h5><\/div>\n\n\n<ul class=\"wp-block-archives-list wp-block-archives\">\t<li><a href='https:\/\/srv-juriste-victimes.fr\/index.php\/2026\/02\/'>f\u00e9vrier 2026<\/a><\/li>\n\t<li><a href='https:\/\/srv-juriste-victimes.fr\/index.php\/2025\/01\/'>janvier 2025<\/a><\/li>\n\t<li><a href='https:\/\/srv-juriste-victimes.fr\/index.php\/2024\/11\/'>novembre 2024<\/a><\/li>\n\t<li><a href='https:\/\/srv-juriste-victimes.fr\/index.php\/2024\/10\/'>octobre 2024<\/a><\/li>\n\t<li><a href='https:\/\/srv-juriste-victimes.fr\/index.php\/2024\/09\/'>septembre 2024<\/a><\/li>\n\t<li><a href='https:\/\/srv-juriste-victimes.fr\/index.php\/2024\/07\/'>juillet 2024<\/a><\/li>\n\t<li><a href='https:\/\/srv-juriste-victimes.fr\/index.php\/2024\/06\/'>juin 2024<\/a><\/li>\n\t<li><a href='https:\/\/srv-juriste-victimes.fr\/index.php\/2024\/01\/'>janvier 2024<\/a><\/li>\n\t<li><a href='https:\/\/srv-juriste-victimes.fr\/index.php\/2023\/11\/'>novembre 2023<\/a><\/li>\n\t<li><a href='https:\/\/srv-juriste-victimes.fr\/index.php\/2023\/10\/'>octobre 2023<\/a><\/li>\n\t<li><a href='https:\/\/srv-juriste-victimes.fr\/index.php\/2023\/09\/'>septembre 2023<\/a><\/li>\n\t<li><a href='https:\/\/srv-juriste-victimes.fr\/index.php\/2023\/08\/'>ao\u00fbt 2023<\/a><\/li>\n\t<li><a href='https:\/\/srv-juriste-victimes.fr\/index.php\/2023\/07\/'>juillet 2023<\/a><\/li>\n\t<li><a href='https:\/\/srv-juriste-victimes.fr\/index.php\/2023\/06\/'>juin 2023<\/a><\/li>\n\t<li><a href='https:\/\/srv-juriste-victimes.fr\/index.php\/2023\/05\/'>mai 2023<\/a><\/li>\n<\/ul>\n\n\n<div class=\"wp-block-uagb-advanced-heading uagb-block-b740fd2f\"><h5 class=\"uagb-heading-text\">Cat\u00e9gories<\/h5><\/div>\n\n\n<ul class=\"wp-block-categories-list wp-block-categories\">\t<li class=\"cat-item cat-item-6\"><a href=\"https:\/\/srv-juriste-victimes.fr\/index.php\/droit-de-la-famille\/\">Droit de la famille<\/a>\n<\/li>\n\t<li class=\"cat-item cat-item-7\"><a href=\"https:\/\/srv-juriste-victimes.fr\/index.php\/droit-du-travail\/\">Droit du travail<\/a>\n<\/li>\n\t<li class=\"cat-item cat-item-1\"><a href=\"https:\/\/srv-juriste-victimes.fr\/index.php\/droit-penal\/\">Droit p\u00e9nal<\/a>\n<\/li>\n\t<li class=\"cat-item cat-item-14\"><a href=\"https:\/\/srv-juriste-victimes.fr\/index.php\/juriste-en-victimologie\/\">Juriste en victimologie<\/a>\n<\/li>\n\t<li class=\"cat-item cat-item-10\"><a href=\"https:\/\/srv-juriste-victimes.fr\/index.php\/violences-conjugales\/\">Violences conjugales<\/a>\n<\/li>\n<\/ul><\/div>\n<\/div><\/div>\n","protected":false},"excerpt":{"rendered":"<p>Articles R\u00e9cents Commentaires r\u00e9cents Archives Cat\u00e9gories<\/p>\n","protected":false},"author":3,"featured_media":0,"parent":1880,"menu_order":0,"comment_status":"closed","ping_status":"closed","template":"","meta":{"_acf_changed":false,"_seopress_robots_primary_cat":"","_seopress_titles_title":"","_seopress_titles_desc":"","_seopress_robots_index":"","_uag_custom_page_level_css":"","site-sidebar-layout":"default","site-content-layout":"","ast-site-content-layout":"default","site-content-style":"default","site-sidebar-style":"default","ast-global-header-display":"","ast-banner-title-visibility":"","ast-main-header-display":"","ast-hfb-above-header-display":"","ast-hfb-below-header-display":"","ast-hfb-mobile-header-display":"","site-post-title":"","ast-breadcrumbs-content":"","ast-featured-img":"","footer-sml-layout":"","ast-disable-related-posts":"","theme-transparent-header-meta":"","adv-header-id-meta":"","stick-header-meta":"","header-above-stick-meta":"","header-main-stick-meta":"","header-below-stick-meta":"","astra-migrate-meta-layouts":"set","ast-page-background-enabled":"default","ast-page-background-meta":{"desktop":{"background-color":"var(--ast-global-color-4)","background-image":"","background-repeat":"repeat","background-position":"center center","background-size":"auto","background-attachment":"scroll","background-type":"","background-media":"","overlay-type":"","overlay-color":"","overlay-opacity":"","overlay-gradient":""},"tablet":{"background-color":"","background-image":"","background-repeat":"repeat","background-position":"center center","background-size":"auto","background-attachment":"scroll","background-type":"","background-media":"","overlay-type":"","overlay-color":"","overlay-opacity":"","overlay-gradient":""},"mobile":{"background-color":"","background-image":"","background-repeat":"repeat","background-position":"center center","background-size":"auto","background-attachment":"scroll","background-type":"","background-media":"","overlay-type":"","overlay-color":"","overlay-opacity":"","overlay-gradient":""}},"ast-content-background-meta":{"desktop":{"background-color":"var(--ast-global-color-5)","background-image":"","background-repeat":"repeat","background-position":"center center","background-size":"auto","background-attachment":"scroll","background-type":"","background-media":"","overlay-type":"","overlay-color":"","overlay-opacity":"","overlay-gradient":""},"tablet":{"background-color":"var(--ast-global-color-5)","background-image":"","background-repeat":"repeat","background-position":"center center","background-size":"auto","background-attachment":"scroll","background-type":"","background-media":"","overlay-type":"","overlay-color":"","overlay-opacity":"","overlay-gradient":""},"mobile":{"background-color":"var(--ast-global-color-5)","background-image":"","background-repeat":"repeat","background-position":"center center","background-size":"auto","background-attachment":"scroll","background-type":"","background-media":"","overlay-type":"","overlay-color":"","overlay-opacity":"","overlay-gradient":""}},"footnotes":""},"class_list":["post-1783","page","type-page","status-publish","hentry"],"acf":[],"uagb_featured_image_src":{"full":false,"thumbnail":false,"medium":false,"medium_large":false,"large":false,"1536x1536":false,"2048x2048":false},"uagb_author_info":{"display_name":"SRV","author_link":"https:\/\/srv-juriste-victimes.fr\/index.php\/author\/srv\/"},"uagb_comment_info":0,"uagb_excerpt":"Articles R\u00e9cents Commentaires r\u00e9cents Archives Cat\u00e9gories","_links":{"self":[{"href":"https:\/\/srv-juriste-victimes.fr\/index.php\/wp-json\/wp\/v2\/pages\/1783","targetHints":{"allow":["GET"]}}],"collection":[{"href":"https:\/\/srv-juriste-victimes.fr\/index.php\/wp-json\/wp\/v2\/pages"}],"about":[{"href":"https:\/\/srv-juriste-victimes.fr\/index.php\/wp-json\/wp\/v2\/types\/page"}],"author":[{"embeddable":true,"href":"https:\/\/srv-juriste-victimes.fr\/index.php\/wp-json\/wp\/v2\/users\/3"}],"replies":[{"embeddable":true,"href":"https:\/\/srv-juriste-victimes.fr\/index.php\/wp-json\/wp\/v2\/comments?post=1783"}],"version-history":[{"count":9,"href":"https:\/\/srv-juriste-victimes.fr\/index.php\/wp-json\/wp\/v2\/pages\/1783\/revisions"}],"predecessor-version":[{"id":1921,"href":"https:\/\/srv-juriste-victimes.fr\/index.php\/wp-json\/wp\/v2\/pages\/1783\/revisions\/1921"}],"up":[{"embeddable":true,"href":"https:\/\/srv-juriste-victimes.fr\/index.php\/wp-json\/wp\/v2\/pages\/1880"}],"wp:attachment":[{"href":"https:\/\/srv-juriste-victimes.fr\/index.php\/wp-json\/wp\/v2\/media?parent=1783"}],"curies":[{"name":"wp","href":"https:\/\/api.w.org\/{rel}","templated":true}]}}