{"id":19,"date":"2023-04-23T13:03:47","date_gmt":"2023-04-23T11:03:47","guid":{"rendered":"https:\/\/srv-juriste-victimes.fr\/?page_id=19"},"modified":"2024-11-18T15:57:35","modified_gmt":"2024-11-18T14:57:35","slug":"ressources","status":"publish","type":"page","link":"https:\/\/srv-juriste-victimes.fr\/index.php\/ressources\/","title":{"rendered":"Ressources"},"content":{"rendered":"\n<div class=\"wp-block-uagb-container uagb-block-a01d62a5 alignfull uagb-is-root-container\"><div class=\"uagb-container-inner-blocks-wrap\">\n<div class=\"wp-block-uagb-info-box uagb-block-782c6d39 uagb-infobox__content-wrap  uagb-infobox-icon-above-title uagb-infobox-image-valign-top\"><div class=\"uagb-ifb-content\"><div class=\"uagb-ifb-title-wrap\"><span class=\"uagb-ifb-title-prefix\">Ressources<\/span><h1 class=\"uagb-ifb-title\">Les num\u00e9ros d&rsquo;urgence<\/h1><\/div><p class=\"uagb-ifb-desc\">Ces num\u00e9ros d\u2019urgence sont gratuits et peuvent \u00eatre compos\u00e9s \u00e0 partir d\u2019un t\u00e9l\u00e9phone fixe ou portable, m\u00eame bloqu\u00e9 ou sans cr\u00e9dit.<\/p><\/div><\/div>\n\n\n\n<div class=\"wp-block-uagb-container uagb-block-3ef52053\">\n<div class=\"wp-block-uagb-container uagb-block-b346120c\">\n<div class=\"wp-block-uagb-container uagb-block-6c835f35\">\n<div class=\"wp-block-uagb-info-box uagb-block-fdd7760c uagb-infobox__content-wrap  uagb-infobox-icon-above-title uagb-infobox-image-valign-top\"><div class=\"uagb-ifb-content\"><div class=\"uagb-ifb-image-content\"><img decoding=\"async\" src=\"https:\/\/srv-juriste-victimes.fr\/wp-content\/uploads\/2023\/05\/SAMU.png\" alt=\"\" width=\"150\" height=\"150\" loading=\"lazy\"\/><\/div><div class=\"uagb-ifb-title-wrap\"><h3 class=\"uagb-ifb-title\">Le 15 \u2013 Samu<\/h3><\/div><\/div><\/div>\n\n\n\n<div class=\"wp-block-uagb-icon-list uagb-block-7af4a020\"><div class=\"uagb-icon-list__wrap\">\n<div class=\"wp-block-uagb-icon-list-child uagb-block-5f02dab8\"><span class=\"uagb-icon-list__source-wrap\"><svg xmlns=\"https:\/\/www.w3.org\/2000\/svg\" viewBox=\"0 0 512 512\"><path d=\"M256 0C114.6 0 0 114.6 0 256c0 141.4 114.6 256 256 256s256-114.6 256-256C512 114.6 397.4 0 256 0zM406.6 278.6l-103.1 103.1c-12.5 12.5-32.75 12.5-45.25 0s-12.5-32.75 0-45.25L306.8 288H128C110.3 288 96 273.7 96 256s14.31-32 32-32h178.8l-49.38-49.38c-12.5-12.5-12.5-32.75 0-45.25s32.75-12.5 45.25 0l103.1 103.1C414.6 241.3 416 251.1 416 256C416 260.9 414.6 270.7 406.6 278.6z\"><\/path><\/svg><\/span><span class=\"uagb-icon-list__label\">Pour obtenir l&rsquo;intervention d&rsquo;une \u00e9quipe m\u00e9dicale lors d&rsquo;une situation de d\u00e9tresse vitale (malaise, coma, h\u00e9morragie, douleur thoracique, difficult\u00e9s respiratoires, br\u00fblure, intoxication&#8230;)<\/span><\/div>\n\n\n\n<div class=\"wp-block-uagb-icon-list-child uagb-block-5d1968d0\"><span class=\"uagb-icon-list__source-wrap\"><svg xmlns=\"https:\/\/www.w3.org\/2000\/svg\" viewBox=\"0 0 512 512\"><path d=\"M256 0C114.6 0 0 114.6 0 256c0 141.4 114.6 256 256 256s256-114.6 256-256C512 114.6 397.4 0 256 0zM406.6 278.6l-103.1 103.1c-12.5 12.5-32.75 12.5-45.25 0s-12.5-32.75 0-45.25L306.8 288H128C110.3 288 96 273.7 96 256s14.31-32 32-32h178.8l-49.38-49.38c-12.5-12.5-12.5-32.75 0-45.25s32.75-12.5 45.25 0l103.1 103.1C414.6 241.3 416 251.1 416 256C416 260.9 414.6 270.7 406.6 278.6z\"><\/path><\/svg><\/span><span class=\"uagb-icon-list__label\">Ou pour \u00eatre redirig\u00e9 vers un organisme de permanence de soins (m\u00e9decine g\u00e9n\u00e9rale, transport ambulancier&#8230;)<\/span><\/div>\n<\/div><\/div>\n<\/div>\n\n\n\n<div class=\"wp-block-uagb-container uagb-block-90624777\">\n<div class=\"wp-block-uagb-info-box uagb-block-25351139 uagb-infobox__content-wrap  uagb-infobox-icon-above-title uagb-infobox-image-valign-top\"><div class=\"uagb-ifb-content\"><div class=\"uagb-ifb-image-content\"><img decoding=\"async\" src=\"https:\/\/srv-juriste-victimes.fr\/wp-content\/uploads\/2023\/05\/POLICE-150x150.png\" alt=\"Police secours - gendarmerie\" width=\"150\" height=\"150\" loading=\"lazy\"\/><\/div><div class=\"uagb-ifb-title-wrap\"><h3 class=\"uagb-ifb-title\">Le 17 \u2013 Police secours \/ Gendarmerie<\/h3><\/div><p class=\"uagb-ifb-desc\">Pour signaler une infraction qui n\u00e9cessite l&rsquo;intervention imm\u00e9diate de la police ou de la gendarmerie (violences, agression, vol \u00e0 l&rsquo;arrach\u00e9, cambriolage&#8230;)<\/p><\/div><\/div>\n<\/div>\n\n\n\n<div class=\"wp-block-uagb-container uagb-block-4c4c3bfd\">\n<div class=\"wp-block-uagb-info-box uagb-block-132e45f6 uagb-infobox__content-wrap  uagb-infobox-icon-above-title uagb-infobox-image-valign-top\"><div class=\"uagb-ifb-content\"><div class=\"uagb-ifb-image-content\"><img decoding=\"async\" src=\"https:\/\/srv-juriste-victimes.fr\/wp-content\/uploads\/2023\/05\/POMPIERS-150x150.png\" alt=\"Sapeur-Pompiers\" width=\"150\" height=\"150\" loading=\"lazy\"\/><\/div><div class=\"uagb-ifb-title-wrap\"><h3 class=\"uagb-ifb-title\">Le 18 \u2013 Sapeurs-pompiers<\/h3><\/div><\/div><\/div>\n\n\n\n<div class=\"wp-block-uagb-icon-list uagb-block-3a8b7530\"><div class=\"uagb-icon-list__wrap\">\n<div class=\"wp-block-uagb-icon-list-child uagb-block-ec26c360\"><span class=\"uagb-icon-list__source-wrap\"><svg xmlns=\"https:\/\/www.w3.org\/2000\/svg\" viewBox=\"0 0 512 512\"><path d=\"M256 0C114.6 0 0 114.6 0 256c0 141.4 114.6 256 256 256s256-114.6 256-256C512 114.6 397.4 0 256 0zM406.6 278.6l-103.1 103.1c-12.5 12.5-32.75 12.5-45.25 0s-12.5-32.75 0-45.25L306.8 288H128C110.3 288 96 273.7 96 256s14.31-32 32-32h178.8l-49.38-49.38c-12.5-12.5-12.5-32.75 0-45.25s32.75-12.5 45.25 0l103.1 103.1C414.6 241.3 416 251.1 416 256C416 260.9 414.6 270.7 406.6 278.6z\"><\/path><\/svg><\/span><span class=\"uagb-icon-list__label\">Pour signaler une situation de p\u00e9ril<\/span><\/div>\n\n\n\n<div class=\"wp-block-uagb-icon-list-child uagb-block-4e9e9296\"><span class=\"uagb-icon-list__source-wrap\"><svg xmlns=\"https:\/\/www.w3.org\/2000\/svg\" viewBox=\"0 0 512 512\"><path d=\"M256 0C114.6 0 0 114.6 0 256c0 141.4 114.6 256 256 256s256-114.6 256-256C512 114.6 397.4 0 256 0zM406.6 278.6l-103.1 103.1c-12.5 12.5-32.75 12.5-45.25 0s-12.5-32.75 0-45.25L306.8 288H128C110.3 288 96 273.7 96 256s14.31-32 32-32h178.8l-49.38-49.38c-12.5-12.5-12.5-32.75 0-45.25s32.75-12.5 45.25 0l103.1 103.1C414.6 241.3 416 251.1 416 256C416 260.9 414.6 270.7 406.6 278.6z\"><\/path><\/svg><\/span><span class=\"uagb-icon-list__label\">Ou un accident concernant des biens ou des personnes et obtenir leur intervention rapide (incendie, fuite de gaz, risque d&rsquo;effondrement, br\u00fblure, \u00e9lectrocution, accident de la route&#8230;)<\/span><\/div>\n<\/div><\/div>\n<\/div>\n\n\n\n<div class=\"wp-block-uagb-container uagb-block-3b7d0590\">\n<div class=\"wp-block-uagb-info-box uagb-block-b912c346 uagb-infobox__content-wrap  uagb-infobox-icon-above-title uagb-infobox-image-valign-top\"><div class=\"uagb-ifb-content\"><div class=\"uagb-ifb-image-content\"><img decoding=\"async\" src=\"https:\/\/srv-juriste-victimes.fr\/wp-content\/uploads\/2023\/05\/EUR-150x150.png\" alt=\"\" width=\"150\" height=\"150\" loading=\"lazy\"\/><\/div><div class=\"uagb-ifb-title-wrap\"><h2 class=\"uagb-ifb-title\">Le 112 &#8211; num\u00e9ro d&rsquo;appel europ\u00e9en<\/h2><\/div><\/div><\/div>\n\n\n\n<div class=\"wp-block-uagb-icon-list uagb-block-1674f1bb\"><div class=\"uagb-icon-list__wrap\">\n<div class=\"wp-block-uagb-icon-list-child uagb-block-4775aa8a\"><span class=\"uagb-icon-list__source-wrap\"><svg xmlns=\"https:\/\/www.w3.org\/2000\/svg\" viewBox=\"0 0 512 512\"><path d=\"M256 0C114.6 0 0 114.6 0 256c0 141.4 114.6 256 256 256s256-114.6 256-256C512 114.6 397.4 0 256 0zM406.6 278.6l-103.1 103.1c-12.5 12.5-32.75 12.5-45.25 0s-12.5-32.75 0-45.25L306.8 288H128C110.3 288 96 273.7 96 256s14.31-32 32-32h178.8l-49.38-49.38c-12.5-12.5-12.5-32.75 0-45.25s32.75-12.5 45.25 0l103.1 103.1C414.6 241.3 416 251.1 416 256C416 260.9 414.6 270.7 406.6 278.6z\"><\/path><\/svg><\/span><span class=\"uagb-icon-list__label\">Pour toute urgence n\u00e9cessitant une ambulance, les services d&rsquo;incendie ou la police lorsque vous \u00eates en d\u00e9placement dans un pays europ\u00e9en<\/span><\/div>\n\n\n\n<div class=\"wp-block-uagb-icon-list-child uagb-block-8daee8e5\"><span class=\"uagb-icon-list__source-wrap\"><svg xmlns=\"https:\/\/www.w3.org\/2000\/svg\" viewBox=\"0 0 512 512\"><path d=\"M256 0C114.6 0 0 114.6 0 256c0 141.4 114.6 256 256 256s256-114.6 256-256C512 114.6 397.4 0 256 0zM406.6 278.6l-103.1 103.1c-12.5 12.5-32.75 12.5-45.25 0s-12.5-32.75 0-45.25L306.8 288H128C110.3 288 96 273.7 96 256s14.31-32 32-32h178.8l-49.38-49.38c-12.5-12.5-12.5-32.75 0-45.25s32.75-12.5 45.25 0l103.1 103.1C414.6 241.3 416 251.1 416 256C416 260.9 414.6 270.7 406.6 278.6z\"><\/path><\/svg><\/span><span class=\"uagb-icon-list__label\">Pour les voyageurs \u00e9trangers qui ne connaissent pas les num\u00e9ros d&rsquo;urgence en France<\/span><\/div>\n<\/div><\/div>\n<\/div>\n\n\n\n<div class=\"wp-block-uagb-container uagb-block-a45ba529\">\n<div class=\"wp-block-uagb-info-box uagb-block-156a0aaf uagb-infobox__content-wrap  uagb-infobox-icon-above-title uagb-infobox-image-valign-top\"><div class=\"uagb-ifb-content\"><div class=\"uagb-ifb-image-content\"><img decoding=\"async\" src=\"https:\/\/srv-juriste-victimes.fr\/wp-content\/uploads\/2023\/05\/SOURDS-150x150.png\" alt=\"114 - Num\u00e9ro d'urgence pour les personnes sourdes et malentendantes\" width=\"150\" height=\"150\" loading=\"lazy\"\/><\/div><div class=\"uagb-ifb-title-wrap\"><h3 class=\"uagb-ifb-title\">Le 114 \u2013 Num\u00e9ro d&rsquo;urgence pour les personnes sourdes et malentendantes<\/h3><\/div><p class=\"uagb-ifb-desc\">Si vous \u00eates victime ou t\u00e9moin d&rsquo;une situation d&rsquo;urgence qui n\u00e9cessite l&rsquo;intervention des services de secours. Ce num\u00e9ro est accessible par SMS, tchat, visio et fax<\/p><\/div><\/div>\n<\/div>\n\n\n\n<div class=\"wp-block-uagb-container uagb-block-e7c09992\">\n<div class=\"wp-block-uagb-info-box uagb-block-3b49e172 uagb-infobox__content-wrap  uagb-infobox-icon-above-title uagb-infobox-image-valign-top\"><div class=\"uagb-ifb-content\"><div class=\"uagb-ifb-image-content\"><img decoding=\"async\" src=\"https:\/\/srv-juriste-victimes.fr\/wp-content\/uploads\/2023\/05\/HEBERGEMENT-150x150.png\" alt=\"115 - num\u00e9ro d'h\u00e9bergement en urgence\" width=\"150\" height=\"150\" loading=\"lazy\"\/><\/div><div class=\"uagb-ifb-title-wrap\"><h3 class=\"uagb-ifb-title\">Le 115 \u2013 Num\u00e9ro d&rsquo;h\u00e9bergement en urgence<\/h3><\/div><p class=\"uagb-ifb-desc\">Num\u00e9ro d\u2019urgence qui vient en<br>aide aux personnes sans abri et en grande difficult\u00e9 sociale.<\/p><\/div><\/div>\n<\/div>\n\n\n\n<div class=\"wp-block-uagb-container uagb-block-375293a3\">\n<div class=\"wp-block-uagb-info-box uagb-block-7dc6babe uagb-infobox__content-wrap  uagb-infobox-icon-above-title uagb-infobox-image-valign-top\"><div class=\"uagb-ifb-content\"><div class=\"uagb-ifb-image-content\"><img decoding=\"async\" src=\"https:\/\/srv-juriste-victimes.fr\/wp-content\/uploads\/2023\/05\/ENFANTS-MALTRAITES-150x150.png\" alt=\"119 - Num\u00e9ro d'urgence enfants maltrait\u00e9s\" width=\"150\" height=\"150\" loading=\"lazy\"\/><\/div><div class=\"uagb-ifb-title-wrap\"><h3 class=\"uagb-ifb-title\">Le 119 \u2013 Num\u00e9ro d&rsquo;urgence enfants maltrait\u00e9s<\/h3><\/div><p class=\"uagb-ifb-desc\">Si vous \u00eates un enfant en danger ou si vous \u00eates une personne t\u00e9moin ou soup\u00e7onnant qu&rsquo;un enfant est en danger.<\/p><\/div><\/div>\n<\/div>\n\n\n\n<div class=\"wp-block-uagb-container uagb-block-43743374\">\n<div class=\"wp-block-uagb-info-box uagb-block-0c686d62 uagb-infobox__content-wrap  uagb-infobox-icon-above-title uagb-infobox-image-valign-top\"><div class=\"uagb-ifb-content\"><div class=\"uagb-ifb-image-content\"><img decoding=\"async\" src=\"https:\/\/srv-juriste-victimes.fr\/wp-content\/uploads\/2023\/05\/VIOLENCES-CONJUGUALES-150x150.png\" alt=\"3919 - Num\u00e9ro Violences conjuguales\" width=\"150\" height=\"150\" loading=\"lazy\"\/><\/div><div class=\"uagb-ifb-title-wrap\"><h3 class=\"uagb-ifb-title\">Le 3919 \u2013 Femmes victimes de violence<\/h3><\/div><p class=\"uagb-ifb-desc\">Solidarit\u00e9 Femmes, avec son r\u00e9seau d&rsquo;associations sp\u00e9cialis\u00e9es, proposent plusieurs dispositifs pour mettre en s\u00e9curit\u00e9 les femmes victimes de violences, et leurs enfants.<\/p><\/div><\/div>\n<\/div>\n\n\n\n<div class=\"wp-block-uagb-container uagb-block-e6b074bb\">\n<div class=\"wp-block-uagb-info-box uagb-block-8abe26cc uagb-infobox__content-wrap  uagb-infobox-icon-above-title uagb-infobox-image-valign-top\"><div class=\"uagb-ifb-content\"><div class=\"uagb-ifb-image-content\"><img decoding=\"async\" src=\"https:\/\/srv-juriste-victimes.fr\/wp-content\/uploads\/2023\/05\/PERSONNES-AGEES-150x150.png\" alt=\"3977 - Maltraitance personnes \u00e2g\u00e9es et\/ou handicap\u00e9es\" width=\"150\" height=\"150\" loading=\"lazy\"\/><\/div><div class=\"uagb-ifb-title-wrap\"><h3 class=\"uagb-ifb-title\">Le 3977 \u2013 Maltraitance personnes \u00e2g\u00e9es et\/ou handicap\u00e9es<\/h3><\/div><p class=\"uagb-ifb-desc\">Num\u00e9ro national d\u00e9di\u00e9 \u00e0 lutter contre les maltraitances envers les personnes \u00e2g\u00e9es et les adultes en situation de handicap.<\/p><\/div><\/div>\n<\/div>\n<\/div>\n<\/div>\n<\/div><\/div>\n\n\n\n<section id=\"numeros-urgence\" class=\"wp-block-uagb-container uagb-block-bef40e6e alignfull uagb-is-root-container\"><div class=\"uagb-container-inner-blocks-wrap\">\n<div class=\"wp-block-uagb-container uagb-block-0850b5b2\">\n<div class=\"wp-block-uagb-advanced-heading uagb-block-f4451a26\"><h2 class=\"uagb-heading-text\">Autres num\u00e9ros d&rsquo;appel d&rsquo;urgence gratuits et accessibles 24\/24h<\/h2><\/div>\n\n\n\n<div class=\"wp-block-uagb-container uagb-block-7343c148\">\n<div class=\"wp-block-uagb-icon-list uagb-block-b0ba555c\"><div class=\"uagb-icon-list__wrap\">\n<div class=\"wp-block-uagb-icon-list-child uagb-block-400f6b9f\"><span class=\"uagb-icon-list__source-wrap\"><svg xmlns=\"https:\/\/www.w3.org\/2000\/svg\" viewBox=\"0 0 512 512\"><path d=\"M256 0C114.6 0 0 114.6 0 256c0 141.4 114.6 256 256 256s256-114.6 256-256C512 114.6 397.4 0 256 0zM406.6 278.6l-103.1 103.1c-12.5 12.5-32.75 12.5-45.25 0s-12.5-32.75 0-45.25L306.8 288H128C110.3 288 96 273.7 96 256s14.31-32 32-32h178.8l-49.38-49.38c-12.5-12.5-12.5-32.75 0-45.25s32.75-12.5 45.25 0l103.1 103.1C414.6 241.3 416 251.1 416 256C416 260.9 414.6 270.7 406.6 278.6z\"><\/path><\/svg><\/span><span class=\"uagb-icon-list__label\">Enfants disparus\u00a0: 116 000<\/span><\/div>\n\n\n\n<div class=\"wp-block-uagb-icon-list-child uagb-block-b5150da2\"><span class=\"uagb-icon-list__source-wrap\"><svg xmlns=\"https:\/\/www.w3.org\/2000\/svg\" viewBox=\"0 0 512 512\"><path d=\"M256 0C114.6 0 0 114.6 0 256c0 141.4 114.6 256 256 256s256-114.6 256-256C512 114.6 397.4 0 256 0zM406.6 278.6l-103.1 103.1c-12.5 12.5-32.75 12.5-45.25 0s-12.5-32.75 0-45.25L306.8 288H128C110.3 288 96 273.7 96 256s14.31-32 32-32h178.8l-49.38-49.38c-12.5-12.5-12.5-32.75 0-45.25s32.75-12.5 45.25 0l103.1 103.1C414.6 241.3 416 251.1 416 256C416 260.9 414.6 270.7 406.6 278.6z\"><\/path><\/svg><\/span><span class=\"uagb-icon-list__label\">Enfance en danger\u00a0: 116 111<\/span><\/div>\n\n\n\n<div class=\"wp-block-uagb-icon-list-child uagb-block-bc932c76\"><span class=\"uagb-icon-list__source-wrap\"><svg xmlns=\"https:\/\/www.w3.org\/2000\/svg\" viewBox=\"0 0 512 512\"><path d=\"M256 0C114.6 0 0 114.6 0 256c0 141.4 114.6 256 256 256s256-114.6 256-256C512 114.6 397.4 0 256 0zM406.6 278.6l-103.1 103.1c-12.5 12.5-32.75 12.5-45.25 0s-12.5-32.75 0-45.25L306.8 288H128C110.3 288 96 273.7 96 256s14.31-32 32-32h178.8l-49.38-49.38c-12.5-12.5-12.5-32.75 0-45.25s32.75-12.5 45.25 0l103.1 103.1C414.6 241.3 416 251.1 416 256C416 260.9 414.6 270.7 406.6 278.6z\"><\/path><\/svg><\/span><span class=\"uagb-icon-list__label\">Permanence de soins ambulatoires (m\u00e9decins de garde) 116 117<\/span><\/div>\n\n\n\n<div class=\"wp-block-uagb-icon-list-child uagb-block-0dd9fd94\"><span class=\"uagb-icon-list__source-wrap\"><svg xmlns=\"https:\/\/www.w3.org\/2000\/svg\" viewBox=\"0 0 512 512\"><path d=\"M256 0C114.6 0 0 114.6 0 256c0 141.4 114.6 256 256 256s256-114.6 256-256C512 114.6 397.4 0 256 0zM406.6 278.6l-103.1 103.1c-12.5 12.5-32.75 12.5-45.25 0s-12.5-32.75 0-45.25L306.8 288H128C110.3 288 96 273.7 96 256s14.31-32 32-32h178.8l-49.38-49.38c-12.5-12.5-12.5-32.75 0-45.25s32.75-12.5 45.25 0l103.1 103.1C414.6 241.3 416 251.1 416 256C416 260.9 414.6 270.7 406.6 278.6z\"><\/path><\/svg><\/span><span class=\"uagb-icon-list__label\">Alerte attentat &#8211; Alerte enl\u00e8vement\u00a0: 197<\/span><\/div>\n\n\n\n<div class=\"wp-block-uagb-icon-list-child uagb-block-310df478\"><span class=\"uagb-icon-list__source-wrap\"><svg xmlns=\"https:\/\/www.w3.org\/2000\/svg\" viewBox=\"0 0 512 512\"><path d=\"M256 0C114.6 0 0 114.6 0 256c0 141.4 114.6 256 256 256s256-114.6 256-256C512 114.6 397.4 0 256 0zM406.6 278.6l-103.1 103.1c-12.5 12.5-32.75 12.5-45.25 0s-12.5-32.75 0-45.25L306.8 288H128C110.3 288 96 273.7 96 256s14.31-32 32-32h178.8l-49.38-49.38c-12.5-12.5-12.5-32.75 0-45.25s32.75-12.5 45.25 0l103.1 103.1C414.6 241.3 416 251.1 416 256C416 260.9 414.6 270.7 406.6 278.6z\"><\/path><\/svg><\/span><span class=\"uagb-icon-list__label\">Pr\u00e9vention du suicide\u00a0: 31 14<\/span><\/div>\n<\/div><\/div>\n<\/div>\n<\/div>\n<\/div><\/section>\n\n\n\n<div id=\"associations\" class=\"wp-block-uagb-container uagb-block-ae3e0860 alignfull uagb-is-root-container\"><div class=\"uagb-container-inner-blocks-wrap\">\n<div class=\"wp-block-uagb-container uagb-block-fb16d800\">\n<div class=\"wp-block-uagb-advanced-heading uagb-block-51ea367b\"><h2 class=\"uagb-heading-text\">Associations<\/h2><\/div>\n\n\n\n<div class=\"wp-block-uagb-container uagb-block-94121576\">\n<div class=\"wp-block-uagb-container uagb-block-97b1d5c4\">\n<div class=\"wp-block-uagb-image alignright uagb-block-e175420a wp-block-uagb-image--layout-default wp-block-uagb-image--effect-static wp-block-uagb-image--align-right\"><figure class=\"wp-block-uagb-image__figure\"><a class=\"\" href=\"https:\/\/www.france-victimes.fr\/\" target=\"\" rel=\"noopener\"><img decoding=\"async\" srcset=\"https:\/\/srv-juriste-victimes.fr\/wp-content\/uploads\/2023\/05\/logo-france-victimes.jpg \" sizes=\"auto, (max-width: 480px) 150px\" src=\"https:\/\/srv-juriste-victimes.fr\/wp-content\/uploads\/2023\/05\/logo-france-victimes.jpg\" alt=\"Logo - France Victimes\" class=\"uag-image-479\" width=\"250\" height=\"250\" title=\"\" loading=\"lazy\"\/><\/a><\/figure><\/div>\n<\/div>\n\n\n\n<div class=\"wp-block-uagb-container uagb-block-d5c3eadc\">\n<p class=\"has-link-color wp-elements-5d702fa9c738e2a93a2b4e3757159446\"><strong>France Victimes<\/strong>&nbsp;(anciennement INAVEM) est une&nbsp;<strong>association<\/strong> loi de 1901 cr\u00e9\u00e9e en 1986. Elle f\u00e9d\u00e8re un r\u00e9seau de 132 associations d\u2019<strong>aide aux victimes d\u2019infractions p\u00e9nales<\/strong>, qui ont pour missions l\u2019\u00e9coute, l\u2019information juridique, le soutien psychologique et l\u2019accompagnement des victimes d\u2019infractions p\u00e9nales en France.<\/p>\n\n\n\n<div class=\"wp-block-uagb-buttons uagb-buttons__outer-wrap uagb-btn__default-btn uagb-btn-tablet__default-btn uagb-btn-mobile__default-btn uagb-block-eaab8755\"><div class=\"uagb-buttons__wrap uagb-buttons-layout-wrap\">\n<div class=\"wp-block-uagb-buttons-child uagb-buttons__outer-wrap uagb-block-43e77dbe wp-block-button is-style-outline\"><div class=\"uagb-button__wrapper\"><a class=\"uagb-buttons-repeater wp-block-button__link has-background has-text-color\" href=\"https:\/\/www.france-victimes.fr\/\" onclick=\"return true;\" rel=\"follow noopener\" target=\"_blank\"><div class=\"uagb-button__link\">Voir le site<\/div><span class=\"uagb-button__icon uagb-button__icon-position-after\"><svg xmlns=\"https:\/\/www.w3.org\/2000\/svg\" viewBox=\"0 0 448 512\"><path d=\"M438.6 278.6l-160 160C272.4 444.9 264.2 448 256 448s-16.38-3.125-22.62-9.375c-12.5-12.5-12.5-32.75 0-45.25L338.8 288H32C14.33 288 .0016 273.7 .0016 256S14.33 224 32 224h306.8l-105.4-105.4c-12.5-12.5-12.5-32.75 0-45.25s32.75-12.5 45.25 0l160 160C451.1 245.9 451.1 266.1 438.6 278.6z\"><\/path><\/svg><\/span><\/a><\/div><\/div>\n<\/div><\/div>\n<\/div>\n<\/div>\n\n\n\n<div class=\"wp-block-uagb-container uagb-block-5a3a4153\">\n<div class=\"wp-block-uagb-container uagb-block-ab6a3db2\">\n<div class=\"wp-block-uagb-image alignright uagb-block-3e492340 wp-block-uagb-image--layout-default wp-block-uagb-image--effect-static wp-block-uagb-image--align-right\"><figure class=\"wp-block-uagb-image__figure\"><a class=\"\" href=\"https:\/\/herault.cidff.info\/\" target=\"\" rel=\"noopener\"><img decoding=\"async\" srcset=\"https:\/\/srv-juriste-victimes.fr\/wp-content\/uploads\/2023\/05\/logo-cidff.jpg \" sizes=\"auto, (max-width: 480px) 150px\" src=\"https:\/\/srv-juriste-victimes.fr\/wp-content\/uploads\/2023\/05\/logo-cidff.jpg\" alt=\"Logo - CIDFF\" class=\"uag-image-478\" width=\"332\" height=\"250\" title=\"\" loading=\"lazy\"\/><\/a><\/figure><\/div>\n<\/div>\n\n\n\n<div class=\"wp-block-uagb-container uagb-block-ae749cd4\">\n<p class=\"has-link-color wp-elements-a434b5f9e60c6dd34982b9ca8088d120\">Le&nbsp;<strong>Centre d\u2019Information sur les Droits des Femmes et des Familles<\/strong>&nbsp;(CIDFF) de l\u2019H\u00e9rault est une <strong>association<\/strong> loi 1901, cr\u00e9\u00e9e en 1982 et agr\u00e9\u00e9e tous les trois ans par l\u2019Etat qui lui confie une mission d\u2019int\u00e9r\u00eat g\u00e9n\u00e9ral. Sa mission est d\u00e9partementale et consiste \u00e0 <strong>favoriser l\u2019autonomie sociale, professionnelle et personnelle des femmes et \u00e0 construire l\u2019\u00e9galit\u00e9 entre les femmes et les hommes<\/strong>.<\/p>\n\n\n\n<div class=\"wp-block-uagb-buttons uagb-buttons__outer-wrap uagb-btn__default-btn uagb-btn-tablet__default-btn uagb-btn-mobile__default-btn uagb-block-e207265e\"><div class=\"uagb-buttons__wrap uagb-buttons-layout-wrap\">\n<div class=\"wp-block-uagb-buttons-child uagb-buttons__outer-wrap uagb-block-9c6324c2 wp-block-button is-style-outline\"><div class=\"uagb-button__wrapper\"><a class=\"uagb-buttons-repeater wp-block-button__link has-background has-text-color\" href=\"https:\/\/herault.cidff.info\/\" onclick=\"return true;\" rel=\"follow noopener\" target=\"_blank\"><div class=\"uagb-button__link\">Voir le site<\/div><span class=\"uagb-button__icon uagb-button__icon-position-after\"><svg xmlns=\"https:\/\/www.w3.org\/2000\/svg\" viewBox=\"0 0 448 512\"><path d=\"M438.6 278.6l-160 160C272.4 444.9 264.2 448 256 448s-16.38-3.125-22.62-9.375c-12.5-12.5-12.5-32.75 0-45.25L338.8 288H32C14.33 288 .0016 273.7 .0016 256S14.33 224 32 224h306.8l-105.4-105.4c-12.5-12.5-12.5-32.75 0-45.25s32.75-12.5 45.25 0l160 160C451.1 245.9 451.1 266.1 438.6 278.6z\"><\/path><\/svg><\/span><\/a><\/div><\/div>\n<\/div><\/div>\n<\/div>\n<\/div>\n\n\n\n<div class=\"wp-block-uagb-container uagb-block-d822cb1f\">\n<div class=\"wp-block-uagb-container uagb-block-6ac05601\">\n<div class=\"wp-block-uagb-image alignright uagb-block-34934c94 wp-block-uagb-image--layout-default wp-block-uagb-image--effect-static wp-block-uagb-image--align-right\"><figure class=\"wp-block-uagb-image__figure\"><a class=\"\" href=\"http:\/\/www.aniscg.org\/fr\/pages\/competences-3.html\" target=\"\" rel=\"noopener\"><img decoding=\"async\" srcset=\"https:\/\/srv-juriste-victimes.fr\/wp-content\/uploads\/2023\/06\/logo-aniscg.png \" sizes=\"auto, (max-width: 480px) 150px\" src=\"https:\/\/srv-juriste-victimes.fr\/wp-content\/uploads\/2023\/06\/logo-aniscg.png\" alt=\"Logo - ANISCG\" class=\"uag-image-1447\" width=\"142\" height=\"82\" title=\"\" loading=\"lazy\"\/><\/a><\/figure><\/div>\n<\/div>\n\n\n\n<div class=\"wp-block-uagb-container uagb-block-4102a662\">\n<p><strong>Les intervenants sociaux<\/strong> sont amen\u00e9s \u00e0 travailler sur des probl\u00e9matiques relatives aux conflits et violences&nbsp;intrafamiliales, \u00e0 la pr\u00e9carit\u00e9 sociale et \u00e0 la protection de l\u2019enfance. Tout l\u2019int\u00e9r\u00eat du dispositif repose sur la pr\u00e9sence de l\u2019intervenant social au sein du commissariat ou du&nbsp;groupement de gendarmerie, \u00e0 l\u2019interface entre l\u2019action polici\u00e8re et la prise en charge sociale.<\/p>\n\n\n\n<div class=\"wp-block-uagb-buttons uagb-buttons__outer-wrap uagb-btn__default-btn uagb-btn-tablet__default-btn uagb-btn-mobile__default-btn uagb-block-b13f194a\"><div class=\"uagb-buttons__wrap uagb-buttons-layout-wrap\">\n<div class=\"wp-block-uagb-buttons-child uagb-buttons__outer-wrap uagb-block-0d021c19 wp-block-button is-style-outline\"><div class=\"uagb-button__wrapper\"><a class=\"uagb-buttons-repeater wp-block-button__link has-background has-text-color\" href=\"http:\/\/www.aniscg.org\/fr\/pages\/competences-3.html\" onclick=\"return true;\" rel=\"follow noopener\" target=\"_blank\"><div class=\"uagb-button__link\">Voir le site<\/div><span class=\"uagb-button__icon uagb-button__icon-position-after\"><svg xmlns=\"https:\/\/www.w3.org\/2000\/svg\" viewBox=\"0 0 448 512\"><path d=\"M438.6 278.6l-160 160C272.4 444.9 264.2 448 256 448s-16.38-3.125-22.62-9.375c-12.5-12.5-12.5-32.75 0-45.25L338.8 288H32C14.33 288 .0016 273.7 .0016 256S14.33 224 32 224h306.8l-105.4-105.4c-12.5-12.5-12.5-32.75 0-45.25s32.75-12.5 45.25 0l160 160C451.1 245.9 451.1 266.1 438.6 278.6z\"><\/path><\/svg><\/span><\/a><\/div><\/div>\n<\/div><\/div>\n<\/div>\n<\/div>\n<\/div>\n<\/div><\/div>\n\n\n\n<section id=\"signaler-en-ligne\" class=\"wp-block-uagb-container uagb-block-c2d2061b alignfull uagb-is-root-container\"><div class=\"uagb-container-inner-blocks-wrap\">\n<div class=\"wp-block-uagb-container uagb-block-98074d0c\">\n<div class=\"wp-block-uagb-advanced-heading uagb-block-8564df05\"><h2 class=\"uagb-heading-text\">Signaler une violence conjugale, sexuelle ou sexiste en ligne aupr\u00e8s des forces de l\u2019ordre<\/h2><\/div>\n\n\n\n<div class=\"wp-block-uagb-container uagb-block-58ffb935\">\n<div class=\"wp-block-uagb-container uagb-block-d8513f69\">\n<div class=\"wp-block-uagb-image alignright uagb-block-b46a0d32 wp-block-uagb-image--layout-default wp-block-uagb-image--effect-static wp-block-uagb-image--align-right\"><figure class=\"wp-block-uagb-image__figure\"><a class=\"\" href=\"https:\/\/www.service-public.fr\/cmi\" target=\"\" rel=\"noopener\"><img decoding=\"async\" srcset=\"https:\/\/srv-juriste-victimes.fr\/wp-content\/uploads\/2023\/05\/service-public.png \" sizes=\"auto, (max-width: 480px) 150px\" src=\"https:\/\/srv-juriste-victimes.fr\/wp-content\/uploads\/2023\/05\/service-public.png\" alt=\"service public\" class=\"uag-image-812\" width=\"120\" height=\"120\" title=\"\" loading=\"lazy\"\/><\/a><\/figure><\/div>\n<\/div>\n\n\n\n<div class=\"wp-block-uagb-container uagb-block-5905de65\">\n<p class=\"has-link-color wp-elements-0963658362ca8302226698cf7fbc52c5\">Service Public vous informe et vous oriente vers les services qui permettent de conna\u00eetre vos obligations, d\u2019exercer vos droits et de faire vos d\u00e9marches du quotidien.<br><br><a rel=\"noreferrer noopener\" href=\"https:\/\/www.service-public.fr\/cmi\" target=\"_blank\">https:\/\/www.service-public.fr\/cmi<\/a><\/p>\n<\/div>\n<\/div>\n<\/div>\n<\/div><\/section>\n","protected":false},"excerpt":{"rendered":"<p>Autres num\u00e9ros d&rsquo;appel d&rsquo;urgence gratuits et accessibles 24\/24h Associations France Victimes&nbsp;(anciennement INAVEM) est une&nbsp;association loi de 1901 cr\u00e9\u00e9e en 1986. Elle f\u00e9d\u00e8re un r\u00e9seau de 132 associations d\u2019aide aux victimes d\u2019infractions p\u00e9nales, qui ont pour missions l\u2019\u00e9coute, l\u2019information juridique, le soutien psychologique et l\u2019accompagnement des victimes d\u2019infractions p\u00e9nales en France. Le&nbsp;Centre d\u2019Information sur les Droits [&hellip;]<\/p>\n","protected":false},"author":3,"featured_media":0,"parent":0,"menu_order":0,"comment_status":"closed","ping_status":"closed","template":"","meta":{"_acf_changed":false,"_seopress_robots_primary_cat":"","_seopress_titles_title":"Ressources - SRV Juriste Victimes - Votre Juriste Au Quotidien","_seopress_titles_desc":"Les num\u00e9ros d'urgence sont gratuits et peuvent \u00eatre compos\u00e9s \u00e0 partir d\u2019un t\u00e9l\u00e9phone fixe ou portable, m\u00eame bloqu\u00e9 ou sans cr\u00e9dit. Le 15 \u2013 Samu Pour obtenir l'intervention d'une \u00e9quipe m\u00e9dicale lors d'une situation de d\u00e9tresse vitale (malaise, coma, h\u00e9morragie, douleur thoracique, difficult\u00e9s respiratoires, br\u00fblure, intoxication...) Ou pour\u2026","_seopress_robots_index":"","_uag_custom_page_level_css":"","site-sidebar-layout":"default","site-content-layout":"","ast-site-content-layout":"default","site-content-style":"default","site-sidebar-style":"default","ast-global-header-display":"","ast-banner-title-visibility":"","ast-main-header-display":"","ast-hfb-above-header-display":"","ast-hfb-below-header-display":"","ast-hfb-mobile-header-display":"","site-post-title":"disabled","ast-breadcrumbs-content":"","ast-featured-img":"","footer-sml-layout":"","ast-disable-related-posts":"","theme-transparent-header-meta":"","adv-header-id-meta":"","stick-header-meta":"","header-above-stick-meta":"","header-main-stick-meta":"","header-below-stick-meta":"","astra-migrate-meta-layouts":"set","ast-page-background-enabled":"default","ast-page-background-meta":{"desktop":{"background-color":"var(--ast-global-color-4)","background-image":"","background-repeat":"repeat","background-position":"center center","background-size":"auto","background-attachment":"scroll","background-type":"","background-media":"","overlay-type":"","overlay-color":"","overlay-opacity":"","overlay-gradient":""},"tablet":{"background-color":"","background-image":"","background-repeat":"repeat","background-position":"center center","background-size":"auto","background-attachment":"scroll","background-type":"","background-media":"","overlay-type":"","overlay-color":"","overlay-opacity":"","overlay-gradient":""},"mobile":{"background-color":"","background-image":"","background-repeat":"repeat","background-position":"center center","background-size":"auto","background-attachment":"scroll","background-type":"","background-media":"","overlay-type":"","overlay-color":"","overlay-opacity":"","overlay-gradient":""}},"ast-content-background-meta":{"desktop":{"background-color":"var(--ast-global-color-5)","background-image":"","background-repeat":"repeat","background-position":"center center","background-size":"auto","background-attachment":"scroll","background-type":"","background-media":"","overlay-type":"","overlay-color":"","overlay-opacity":"","overlay-gradient":""},"tablet":{"background-color":"var(--ast-global-color-5)","background-image":"","background-repeat":"repeat","background-position":"center center","background-size":"auto","background-attachment":"scroll","background-type":"","background-media":"","overlay-type":"","overlay-color":"","overlay-opacity":"","overlay-gradient":""},"mobile":{"background-color":"var(--ast-global-color-5)","background-image":"","background-repeat":"repeat","background-position":"center center","background-size":"auto","background-attachment":"scroll","background-type":"","background-media":"","overlay-type":"","overlay-color":"","overlay-opacity":"","overlay-gradient":""}},"footnotes":""},"class_list":["post-19","page","type-page","status-publish","hentry"],"acf":[],"uagb_featured_image_src":{"full":false,"thumbnail":false,"medium":false,"medium_large":false,"large":false,"1536x1536":false,"2048x2048":false},"uagb_author_info":{"display_name":"SRV","author_link":"https:\/\/srv-juriste-victimes.fr\/index.php\/author\/srv\/"},"uagb_comment_info":0,"uagb_excerpt":"Autres num\u00e9ros d&rsquo;appel d&rsquo;urgence gratuits et accessibles 24\/24h Associations France Victimes&nbsp;(anciennement INAVEM) est une&nbsp;association loi de 1901 cr\u00e9\u00e9e en 1986. Elle f\u00e9d\u00e8re un r\u00e9seau de 132 associations d\u2019aide aux victimes d\u2019infractions p\u00e9nales, qui ont pour missions l\u2019\u00e9coute, l\u2019information juridique, le soutien psychologique et l\u2019accompagnement des victimes d\u2019infractions p\u00e9nales en France. Le&nbsp;Centre d\u2019Information sur les Droits\u2026","_links":{"self":[{"href":"https:\/\/srv-juriste-victimes.fr\/index.php\/wp-json\/wp\/v2\/pages\/19","targetHints":{"allow":["GET"]}}],"collection":[{"href":"https:\/\/srv-juriste-victimes.fr\/index.php\/wp-json\/wp\/v2\/pages"}],"about":[{"href":"https:\/\/srv-juriste-victimes.fr\/index.php\/wp-json\/wp\/v2\/types\/page"}],"author":[{"embeddable":true,"href":"https:\/\/srv-juriste-victimes.fr\/index.php\/wp-json\/wp\/v2\/users\/3"}],"replies":[{"embeddable":true,"href":"https:\/\/srv-juriste-victimes.fr\/index.php\/wp-json\/wp\/v2\/comments?post=19"}],"version-history":[{"count":10,"href":"https:\/\/srv-juriste-victimes.fr\/index.php\/wp-json\/wp\/v2\/pages\/19\/revisions"}],"predecessor-version":[{"id":2001,"href":"https:\/\/srv-juriste-victimes.fr\/index.php\/wp-json\/wp\/v2\/pages\/19\/revisions\/2001"}],"wp:attachment":[{"href":"https:\/\/srv-juriste-victimes.fr\/index.php\/wp-json\/wp\/v2\/media?parent=19"}],"curies":[{"name":"wp","href":"https:\/\/api.w.org\/{rel}","templated":true}]}}